{"id":6272,"date":"2022-04-21T10:11:10","date_gmt":"2022-04-21T08:11:10","guid":{"rendered":"https:\/\/laterale-residences.com\/nieuws\/"},"modified":"2022-05-06T10:04:34","modified_gmt":"2022-05-06T08:04:34","slug":"nieuws","status":"publish","type":"page","link":"https:\/\/laterale-residences.com\/nl\/nieuws\/","title":{"rendered":"Nieuws"},"content":{"rendered":"\t\t<div data-elementor-type=\"wp-page\" data-elementor-id=\"6272\" class=\"elementor elementor-6272 elementor-863\" data-elementor-settings='{\"ha_cmc_init_switcher\":\"no\"}' data-elementor-post-type=\"page\">\n\t\t\t\t\t\t<section class=\"elementor-section elementor-top-section elementor-element elementor-element-2207364 elementor-section-full_width elementor-section-height-default elementor-section-height-default\" data-id=\"2207364\" data-element_type=\"section\" data-e-type=\"section\" data-settings='{\"_ha_eqh_enable\":false}'>\n\t\t\t\t\t\t<div class=\"elementor-container elementor-column-gap-default\">\n\t\t\t\t\t<div class=\"elementor-column elementor-col-100 elementor-top-column elementor-element elementor-element-14e7167\" data-id=\"14e7167\" data-element_type=\"column\" data-e-type=\"column\">\n\t\t\t<div class=\"elementor-widget-wrap elementor-element-populated\">\n\t\t\t\t\t\t<div class=\"elementor-element elementor-element-fc8f3f9 elementor--h-position-center elementor--v-position-middle elementor-arrows-position-inside elementor-pagination-position-inside elementor-widget elementor-widget-slides\" data-id=\"fc8f3f9\" data-element_type=\"widget\" data-e-type=\"widget\" data-settings='{\"transition\":\"fade\",\"navigation\":\"both\",\"autoplay\":\"yes\",\"pause_on_interaction\":\"yes\",\"autoplay_speed\":5000,\"infinite\":\"yes\",\"transition_speed\":500}' data-widget_type=\"slides.default\">\n\t\t\t\t\t\t\t\t\t\t<div class=\"elementor-slides-wrapper elementor-main-swiper swiper\" role=\"region\" aria-roledescription=\"carousel\" aria-label=\"Slides\" dir=\"ltr\" data-animation=\"\">\n\t\t\t\t<div class=\"swiper-wrapper elementor-slides\">\n\t\t\t\t\t\t\t\t\t\t<div class=\"elementor-repeater-item-84e3dc1 swiper-slide\" role=\"group\" aria-roledescription=\"slide\"><div class=\"swiper-slide-bg elementor-ken-burns elementor-ken-burns--in\" role=\"img\" aria-label=\"Laterale Residences - Parade V\u00e9nitienne\"><\/div><a class=\"swiper-slide-inner\" href=\"#invoering\"><div class=\"swiper-slide-contents\"><div class=\"elementor-slide-heading\">Nieuws<\/div><div class=\"elementor-button elementor-slide-button elementor-size-sm\">\u2193<\/div><\/div><\/a><\/div>\t\t\t\t<\/div>\n\t\t\t\t\t\t\t<\/div>\n\t\t\t\t\t\t\t\t<\/div>\n\t\t\t\t\t<\/div>\n\t\t<\/div>\n\t\t\t\t\t<\/div>\n\t\t<\/section>\n\t\t\t\t<section class=\"elementor-section elementor-top-section elementor-element elementor-element-a968997 elementor-section-boxed elementor-section-height-default elementor-section-height-default\" data-id=\"a968997\" data-element_type=\"section\" data-e-type=\"section\" id=\"introduction\" data-settings='{\"_ha_eqh_enable\":false}'>\n\t\t\t\t\t\t<div class=\"elementor-container elementor-column-gap-default\">\n\t\t\t\t\t<div class=\"elementor-column elementor-col-100 elementor-top-column elementor-element elementor-element-dd163e0\" data-id=\"dd163e0\" data-element_type=\"column\" data-e-type=\"column\">\n\t\t\t<div class=\"elementor-widget-wrap elementor-element-populated\">\n\t\t\t\t\t\t<div class=\"elementor-element elementor-element-5484a04 elementor-grid-3 elementor-grid-tablet-2 elementor-grid-mobile-1 elementor-posts--thumbnail-top elementor-card-shadow-yes elementor-posts__hover-gradient elementor-widget elementor-widget-posts\" data-id=\"5484a04\" data-element_type=\"widget\" data-e-type=\"widget\" data-settings='{\"cards_columns\":\"3\",\"cards_columns_tablet\":\"2\",\"cards_columns_mobile\":\"1\",\"cards_row_gap\":{\"unit\":\"px\",\"size\":35,\"sizes\":[]},\"cards_row_gap_tablet\":{\"unit\":\"px\",\"size\":\"\",\"sizes\":[]},\"cards_row_gap_mobile\":{\"unit\":\"px\",\"size\":\"\",\"sizes\":[]}}' data-widget_type=\"posts.cards\">\n\t\t\t\t<div class=\"elementor-widget-container\">\n\t\t\t\t\t\t\t<div class=\"elementor-posts-container elementor-posts elementor-posts--skin-cards elementor-grid\" role=\"list\">\n\t\t\t\t<article class=\"elementor-post elementor-grid-item post-15141 post type-post status-publish format-standard has-post-thumbnail hentry category-nieuws\" role=\"listitem\">\n\t\t\t<div class=\"elementor-post__card\">\n\t\t\t\t<a class=\"elementor-post__thumbnail__link\" href=\"https:\/\/laterale-residences.com\/nl\/marches-de-noel-2022-en-alsace\/\" tabindex=\"-1\"><div class=\"elementor-post__thumbnail\"><img fetchpriority=\"high\" decoding=\"async\" width=\"768\" height=\"576\" src=\"https:\/\/laterale-residences.com\/wp-content\/uploads\/2022\/10\/IMG_0078-768x576.jpg\" class=\"attachment-medium_large size-medium_large wp-image-15219\" alt=\"\" srcset=\"https:\/\/laterale-residences.com\/wp-content\/uploads\/2022\/10\/IMG_0078-768x576.jpg 768w, https:\/\/laterale-residences.com\/wp-content\/uploads\/2022\/10\/IMG_0078-300x225.jpg 300w, https:\/\/laterale-residences.com\/wp-content\/uploads\/2022\/10\/IMG_0078-1024x768.jpg 1024w, https:\/\/laterale-residences.com\/wp-content\/uploads\/2022\/10\/IMG_0078-1536x1152.jpg 1536w, https:\/\/laterale-residences.com\/wp-content\/uploads\/2022\/10\/IMG_0078-2048x1536.jpg 2048w\" sizes=\"(max-width: 768px) 100vw, 768px\"><\/div><\/a>\n\t\t\t\t<div class=\"elementor-post__badge\">Nieuws<\/div>\n\t\t\t\t<div class=\"elementor-post__text\">\n\t\t\t\t<h3 class=\"elementor-post__title\">\n\t\t\t<a href=\"https:\/\/laterale-residences.com\/nl\/marches-de-noel-2022-en-alsace\/\">\n\t\t\t\tKerstmarkten 2022 in de Elzas\t\t\t<\/a>\n\t\t<\/h3>\n\t\t\t\t<div class=\"elementor-post__excerpt\">\n\t\t\t<p>Laterale R\u00e9sidences verwelkomt u in het hart van de prachtige kerstmarkten die de reputatie van de mooiste dorpen van de wijnroute uitmaken.<br>\nEnkele tips over hoe u van de belangrijkste markten kunt genieten, informatie en foto\u2019s om ze te ontdekken.<\/p>\n\t\t<\/div>\n\t\t\t\t<\/div>\n\t\t\t\t\t<\/div>\n\t\t<\/article>\n\t\t\t\t<article class=\"elementor-post elementor-grid-item post-6825 post type-post status-publish format-standard has-post-thumbnail hentry category-nieuws\" role=\"listitem\">\n\t\t\t<div class=\"elementor-post__card\">\n\t\t\t\t<a class=\"elementor-post__thumbnail__link\" href=\"https:\/\/laterale-residences.com\/nl\/venetiaanse-parade\/\" tabindex=\"-1\"><div class=\"elementor-post__thumbnail\"><img decoding=\"async\" width=\"768\" height=\"512\" src=\"https:\/\/laterale-residences.com\/wp-content\/uploads\/2022\/04\/IMG_3577-768x512.jpg\" class=\"attachment-medium_large size-medium_large wp-image-2332\" alt=\"\" srcset=\"https:\/\/laterale-residences.com\/wp-content\/uploads\/2022\/04\/IMG_3577-768x512.jpg 768w, https:\/\/laterale-residences.com\/wp-content\/uploads\/2022\/04\/IMG_3577-300x200.jpg 300w, https:\/\/laterale-residences.com\/wp-content\/uploads\/2022\/04\/IMG_3577-1024x683.jpg 1024w, https:\/\/laterale-residences.com\/wp-content\/uploads\/2022\/04\/IMG_3577-1536x1024.jpg 1536w, https:\/\/laterale-residences.com\/wp-content\/uploads\/2022\/04\/IMG_3577-2048x1365.jpg 2048w\" sizes=\"(max-width: 768px) 100vw, 768px\"><\/div><\/a>\n\t\t\t\t<div class=\"elementor-post__badge\">Nieuws<\/div>\n\t\t\t\t<div class=\"elementor-post__text\">\n\t\t\t\t<h3 class=\"elementor-post__title\">\n\t\t\t<a href=\"https:\/\/laterale-residences.com\/nl\/venetiaanse-parade\/\">\n\t\t\t\tVenetiaanse parade\t\t\t<\/a>\n\t\t<\/h3>\n\t\t\t\t<div class=\"elementor-post__excerpt\">\n\t\t\t<p>Riquewihr \u2013 Zaterdag 1 juli en zondag 2 juli 2023.<\/p>\n<p>Het Venetiaanse carnaval van Riquewihr neemt je mee op een reis door het prachtige Veneti\u00eb, met zijn kostuums rechtstreeks uit een sprookje. De Venetiaanse Parade wacht eind juni op je, met zijn aandeel aan entertainment en parades.<\/p>\n\t\t<\/div>\n\t\t\t\t<\/div>\n\t\t\t\t\t<\/div>\n\t\t<\/article>\n\t\t\t\t<article class=\"elementor-post elementor-grid-item post-11136 post type-post status-publish format-standard has-post-thumbnail hentry category-nieuws\" role=\"listitem\">\n\t\t\t<div class=\"elementor-post__card\">\n\t\t\t\t<a class=\"elementor-post__thumbnail__link\" href=\"https:\/\/laterale-residences.com\/nl\/bloemencorso\/\" tabindex=\"-1\"><div class=\"elementor-post__thumbnail\"><img decoding=\"async\" width=\"269\" height=\"187\" src=\"https:\/\/laterale-residences.com\/wp-content\/uploads\/2022\/05\/Laterale-Residences-Selestat-Corso-Fleuri-01a.jpg\" class=\"attachment-medium_large size-medium_large wp-image-11055\" alt=\"\"><\/div><\/a>\n\t\t\t\t<div class=\"elementor-post__badge\">Nieuws<\/div>\n\t\t\t\t<div class=\"elementor-post__text\">\n\t\t\t\t<h3 class=\"elementor-post__title\">\n\t\t\t<a href=\"https:\/\/laterale-residences.com\/nl\/bloemencorso\/\">\n\t\t\t\tBloemencorso\t\t\t<\/a>\n\t\t<\/h3>\n\t\t\t\t<div class=\"elementor-post__excerpt\">\n\t\t\t<p>S\u00e9lestat \u2013 Zaterdag 12 en zondag 13 augustus 2023.<br>\nNa een onderbreking van 2 jaar maakt de Corso Fleuri, die zijn 93e verjaardag viert, een comeback in 2022.<br>\nMet zijn twaalf bloemrijke praalwagens neemt dit vlaggenschipevenement van de stad S\u00e9lestat je mee op een wandeling die de natuur combineert en knipoogt naar Europa, het thema van de stad voor dit jaar 2022. Van Noordse bossen tot Europese legendes, gebruiken en tradities, het publiek zal worden meegesleept op deze kleurrijke reis.<\/p>\n\t\t<\/div>\n\t\t\t\t<\/div>\n\t\t\t\t\t<\/div>\n\t\t<\/article>\n\t\t\t\t<article class=\"elementor-post elementor-grid-item post-8598 post type-post status-publish format-standard has-post-thumbnail hentry category-nieuws\" role=\"listitem\">\n\t\t\t<div class=\"elementor-post__card\">\n\t\t\t\t<a class=\"elementor-post__thumbnail__link\" href=\"https:\/\/laterale-residences.com\/nl\/pfifferdaj\/\" tabindex=\"-1\"><div class=\"elementor-post__thumbnail\"><img loading=\"lazy\" decoding=\"async\" width=\"768\" height=\"432\" src=\"https:\/\/laterale-residences.com\/wp-content\/uploads\/2022\/10\/Laterale-Residences-Pfifferdaj-2022-Reveil-dOdin-naa-768x432.jpg\" class=\"attachment-medium_large size-medium_large wp-image-15092\" alt=\"\" srcset=\"https:\/\/laterale-residences.com\/wp-content\/uploads\/2022\/10\/Laterale-Residences-Pfifferdaj-2022-Reveil-dOdin-naa-768x432.jpg 768w, https:\/\/laterale-residences.com\/wp-content\/uploads\/2022\/10\/Laterale-Residences-Pfifferdaj-2022-Reveil-dOdin-naa-300x169.jpg 300w, https:\/\/laterale-residences.com\/wp-content\/uploads\/2022\/10\/Laterale-Residences-Pfifferdaj-2022-Reveil-dOdin-naa-1024x576.jpg 1024w, https:\/\/laterale-residences.com\/wp-content\/uploads\/2022\/10\/Laterale-Residences-Pfifferdaj-2022-Reveil-dOdin-naa-1536x864.jpg 1536w, https:\/\/laterale-residences.com\/wp-content\/uploads\/2022\/10\/Laterale-Residences-Pfifferdaj-2022-Reveil-dOdin-naa-2048x1152.jpg 2048w\" sizes=\"(max-width: 768px) 100vw, 768px\"><\/div><\/a>\n\t\t\t\t<div class=\"elementor-post__badge\">Nieuws<\/div>\n\t\t\t\t<div class=\"elementor-post__text\">\n\t\t\t\t<h3 class=\"elementor-post__title\">\n\t\t\t<a href=\"https:\/\/laterale-residences.com\/nl\/pfifferdaj\/\">\n\t\t\t\tPfifferdaj\t\t\t<\/a>\n\t\t<\/h3>\n\t\t\t\t<div class=\"elementor-post__excerpt\">\n\t\t\t<p>Ribeauvill\u00e9 \u2013 zondag 3 september 2023<br>\nHet F\u00eate des M\u00e9n\u00e9tiers is het oudste festival in de Elzas. Het is erin geslaagd de tradities, de kostuums, de kleuren en de bekendheid te bewaren die honderden muzikanten en troubadours het sinds de 14e eeuw gaven. Daarna gingen ze naar Ribeauvill\u00e9 om hun banden met de heren van Ribeaupierre die hen beschermden te vieren.<\/p>\n\t\t<\/div>\n\t\t\t\t<\/div>\n\t\t\t\t\t<\/div>\n\t\t<\/article>\n\t\t\t\t<\/div>\n\t\t\n\t\t\t\t\t\t<\/div>\n\t\t\t\t<\/div>\n\t\t\t\t\t<\/div>\n\t\t<\/div>\n\t\t\t\t\t<\/div>\n\t\t<\/section>\n\t\t\t\t<\/div>\n\t\t","protected":false},"excerpt":{"rendered":"<p>Nieuws\u2193<\/p>\n","protected":false},"author":1,"featured_media":0,"parent":0,"menu_order":0,"comment_status":"closed","ping_status":"closed","template":"","meta":{"_acf_changed":false,"footnotes":""},"class_list":["post-6272","page","type-page","status-publish","hentry"],"acf":[],"yoast_head":"<!-- This site is optimized with the Yoast SEO Premium plugin v21.7 (Yoast SEO v28.4) - https:\/\/yoast.com\/product\/yoast-seo-premium-wordpress\/ -->\n<title>Nieuws - Laterale Residences<\/title>\n<meta name=\"robots\" content=\"index, follow, max-snippet:-1, max-image-preview:large, max-video-preview:-1\" \/>\n<link rel=\"canonical\" href=\"https:\/\/laterale-residences.com\/nl\/nieuws\/\" \/>\n<meta property=\"og:locale\" content=\"nl_NL\" \/>\n<meta property=\"og:type\" content=\"article\" \/>\n<meta property=\"og:title\" content=\"Nieuws\" \/>\n<meta property=\"og:description\" content=\"Nieuws\u2193\" \/>\n<meta property=\"og:url\" content=\"https:\/\/laterale-residences.com\/nl\/nieuws\/\" \/>\n<meta property=\"og:site_name\" content=\"Laterale Residences\" \/>\n<meta property=\"article:modified_time\" content=\"2022-05-06T08:04:34+00:00\" \/>\n<meta name=\"twitter:card\" content=\"summary_large_image\" \/>\n<script type=\"application\/ld+json\" class=\"yoast-schema-graph\">{\"@context\":\"https:\\\/\\\/schema.org\",\"@graph\":[{\"@type\":\"WebPage\",\"@id\":\"https:\\\/\\\/laterale-residences.com\\\/nl\\\/nieuws\\\/\",\"url\":\"https:\\\/\\\/laterale-residences.com\\\/nl\\\/nieuws\\\/\",\"name\":\"Nieuws - Laterale Residences\",\"isPartOf\":{\"@id\":\"https:\\\/\\\/laterale-residences.com\\\/nl\\\/#website\"},\"datePublished\":\"2022-04-21T08:11:10+00:00\",\"dateModified\":\"2022-05-06T08:04:34+00:00\",\"breadcrumb\":{\"@id\":\"https:\\\/\\\/laterale-residences.com\\\/nl\\\/nieuws\\\/#breadcrumb\"},\"inLanguage\":\"nl-NL\",\"potentialAction\":[{\"@type\":\"ReadAction\",\"target\":[\"https:\\\/\\\/laterale-residences.com\\\/nl\\\/nieuws\\\/\"]}]},{\"@type\":\"BreadcrumbList\",\"@id\":\"https:\\\/\\\/laterale-residences.com\\\/nl\\\/nieuws\\\/#breadcrumb\",\"itemListElement\":[{\"@type\":\"ListItem\",\"position\":1,\"name\":\"Accueil\",\"item\":\"https:\\\/\\\/laterale-residences.com\\\/nl\\\/ontvangst\\\/\"},{\"@type\":\"ListItem\",\"position\":2,\"name\":\"Nieuws\"}]},{\"@type\":\"WebSite\",\"@id\":\"https:\\\/\\\/laterale-residences.com\\\/nl\\\/#website\",\"url\":\"https:\\\/\\\/laterale-residences.com\\\/nl\\\/\",\"name\":\"Laterale Residences\",\"description\":\"Appartements Vacances Riquewihr sur la route des vins d&#039;Alsace\",\"publisher\":{\"@id\":\"https:\\\/\\\/laterale-residences.com\\\/nl\\\/#organization\"},\"potentialAction\":[{\"@type\":\"SearchAction\",\"target\":{\"@type\":\"EntryPoint\",\"urlTemplate\":\"https:\\\/\\\/laterale-residences.com\\\/nl\\\/?s={search_term_string}\"},\"query-input\":{\"@type\":\"PropertyValueSpecification\",\"valueRequired\":true,\"valueName\":\"search_term_string\"}}],\"inLanguage\":\"nl-NL\"},{\"@type\":\"Organization\",\"@id\":\"https:\\\/\\\/laterale-residences.com\\\/nl\\\/#organization\",\"name\":\"Laterale Residences\",\"url\":\"https:\\\/\\\/laterale-residences.com\\\/nl\\\/\",\"logo\":{\"@type\":\"ImageObject\",\"inLanguage\":\"nl-NL\",\"@id\":\"https:\\\/\\\/laterale-residences.com\\\/nl\\\/#\\\/schema\\\/logo\\\/image\\\/\",\"url\":\"https:\\\/\\\/laterale-residences.com\\\/wp-content\\\/uploads\\\/2021\\\/07\\\/logo_laterale_residences_etoiles.png\",\"contentUrl\":\"https:\\\/\\\/laterale-residences.com\\\/wp-content\\\/uploads\\\/2021\\\/07\\\/logo_laterale_residences_etoiles.png\",\"width\":600,\"height\":600,\"caption\":\"Laterale Residences\"},\"image\":{\"@id\":\"https:\\\/\\\/laterale-residences.com\\\/nl\\\/#\\\/schema\\\/logo\\\/image\\\/\"}}]}<\/script>\n<!-- \/ Yoast SEO Premium plugin. -->","yoast_head_json":{"title":"Nieuws - Laterale Residences","robots":{"index":"index","follow":"follow","max-snippet":"max-snippet:-1","max-image-preview":"max-image-preview:large","max-video-preview":"max-video-preview:-1"},"canonical":"https:\/\/laterale-residences.com\/nl\/nieuws\/","og_locale":"nl_NL","og_type":"article","og_title":"Nieuws","og_description":"Nieuws\u2193","og_url":"https:\/\/laterale-residences.com\/nl\/nieuws\/","og_site_name":"Laterale Residences","article_modified_time":"2022-05-06T08:04:34+00:00","twitter_card":"summary_large_image","schema":{"@context":"https:\/\/schema.org","@graph":[{"@type":"WebPage","@id":"https:\/\/laterale-residences.com\/nl\/nieuws\/","url":"https:\/\/laterale-residences.com\/nl\/nieuws\/","name":"Nieuws - Laterale Residences","isPartOf":{"@id":"https:\/\/laterale-residences.com\/nl\/#website"},"datePublished":"2022-04-21T08:11:10+00:00","dateModified":"2022-05-06T08:04:34+00:00","breadcrumb":{"@id":"https:\/\/laterale-residences.com\/nl\/nieuws\/#breadcrumb"},"inLanguage":"nl-NL","potentialAction":[{"@type":"ReadAction","target":["https:\/\/laterale-residences.com\/nl\/nieuws\/"]}]},{"@type":"BreadcrumbList","@id":"https:\/\/laterale-residences.com\/nl\/nieuws\/#breadcrumb","itemListElement":[{"@type":"ListItem","position":1,"name":"Accueil","item":"https:\/\/laterale-residences.com\/nl\/ontvangst\/"},{"@type":"ListItem","position":2,"name":"Nieuws"}]},{"@type":"WebSite","@id":"https:\/\/laterale-residences.com\/nl\/#website","url":"https:\/\/laterale-residences.com\/nl\/","name":"Laterale Residences","description":"Appartements Vacances Riquewihr sur la route des vins d&#039;Alsace","publisher":{"@id":"https:\/\/laterale-residences.com\/nl\/#organization"},"potentialAction":[{"@type":"SearchAction","target":{"@type":"EntryPoint","urlTemplate":"https:\/\/laterale-residences.com\/nl\/?s={search_term_string}"},"query-input":{"@type":"PropertyValueSpecification","valueRequired":true,"valueName":"search_term_string"}}],"inLanguage":"nl-NL"},{"@type":"Organization","@id":"https:\/\/laterale-residences.com\/nl\/#organization","name":"Laterale Residences","url":"https:\/\/laterale-residences.com\/nl\/","logo":{"@type":"ImageObject","inLanguage":"nl-NL","@id":"https:\/\/laterale-residences.com\/nl\/#\/schema\/logo\/image\/","url":"https:\/\/laterale-residences.com\/wp-content\/uploads\/2021\/07\/logo_laterale_residences_etoiles.png","contentUrl":"https:\/\/laterale-residences.com\/wp-content\/uploads\/2021\/07\/logo_laterale_residences_etoiles.png","width":600,"height":600,"caption":"Laterale Residences"},"image":{"@id":"https:\/\/laterale-residences.com\/nl\/#\/schema\/logo\/image\/"}}]}},"_links":{"self":[{"href":"https:\/\/laterale-residences.com\/nl\/wp-json\/wp\/v2\/pages\/6272","targetHints":{"allow":["GET"]}}],"collection":[{"href":"https:\/\/laterale-residences.com\/nl\/wp-json\/wp\/v2\/pages"}],"about":[{"href":"https:\/\/laterale-residences.com\/nl\/wp-json\/wp\/v2\/types\/page"}],"author":[{"embeddable":true,"href":"https:\/\/laterale-residences.com\/nl\/wp-json\/wp\/v2\/users\/1"}],"replies":[{"embeddable":true,"href":"https:\/\/laterale-residences.com\/nl\/wp-json\/wp\/v2\/comments?post=6272"}],"version-history":[{"count":3,"href":"https:\/\/laterale-residences.com\/nl\/wp-json\/wp\/v2\/pages\/6272\/revisions"}],"predecessor-version":[{"id":10461,"href":"https:\/\/laterale-residences.com\/nl\/wp-json\/wp\/v2\/pages\/6272\/revisions\/10461"}],"wp:attachment":[{"href":"https:\/\/laterale-residences.com\/nl\/wp-json\/wp\/v2\/media?parent=6272"}],"curies":[{"name":"wp","href":"https:\/\/api.w.org\/{rel}","templated":true}]}}